{"id":16766,"date":"2026-01-15T12:44:58","date_gmt":"2026-01-15T12:44:58","guid":{"rendered":"https:\/\/lasallecadiz.es\/mirandilla\/?page_id=16766"},"modified":"2026-01-15T12:45:47","modified_gmt":"2026-01-15T12:45:47","slug":"nca-infantil-primaria-2","status":"publish","type":"page","link":"https:\/\/lasallecadiz.es\/mirandilla\/nca-infantil-primaria-2\/","title":{"rendered":"NCA Infantil-Primaria"},"content":{"rendered":"\n<p>Porque el mundo evoluciona, la educaci\u00f3n en&nbsp;La Salle&nbsp;tambi\u00e9n<\/p>\n\n\n\n<div class=\"wp-block-media-text is-stacked-on-mobile\"><figure class=\"wp-block-media-text__media\"><img fetchpriority=\"high\" decoding=\"async\" width=\"300\" height=\"200\" src=\"https:\/\/lasallecadiz.es\/mirandilla\/wp-content\/uploads\/sites\/5\/2026\/01\/NCA-CAS_Mesa-de-trabajo-1-300x200-1-1.png\" alt=\"\" class=\"wp-image-16768 size-full\"\/><\/figure><div class=\"wp-block-media-text__content\">\n<p><strong>El Nuevo Contexto de Aprendizaje (NCA)<\/strong> es un marco pedag\u00f3gico y pastoral, con identidad propia, que presenta una propuesta organizativa, metodol\u00f3gica y evaluativa clara, que otorga sentido pleno a la educaci\u00f3n de la persona abordando sus dimensiones emocional, cognitiva, corporal, social o espiritual a lo largo de las diferentes etapas de su desarrollo. El alumno se convierte en protagonista de su propio aprendizaje.\u00a0<\/p>\n<\/div><\/div>\n\n\n\n<figure class=\"wp-block-gallery has-nested-images columns-default is-cropped wp-block-gallery-1 is-layout-flex wp-block-gallery-is-layout-flex\">\n<figure class=\"wp-block-image size-large\"><img decoding=\"async\" width=\"569\" height=\"1024\" data-id=\"16774\" src=\"https:\/\/lasallecadiz.es\/mirandilla\/wp-content\/uploads\/sites\/5\/2026\/01\/WhatsApp-Image-2026-01-13-at-17.45.46-569x1024.jpeg\" alt=\"\" class=\"wp-image-16774\" srcset=\"https:\/\/lasallecadiz.es\/mirandilla\/wp-content\/uploads\/sites\/5\/2026\/01\/WhatsApp-Image-2026-01-13-at-17.45.46-569x1024.jpeg 569w, https:\/\/lasallecadiz.es\/mirandilla\/wp-content\/uploads\/sites\/5\/2026\/01\/WhatsApp-Image-2026-01-13-at-17.45.46-167x300.jpeg 167w, https:\/\/lasallecadiz.es\/mirandilla\/wp-content\/uploads\/sites\/5\/2026\/01\/WhatsApp-Image-2026-01-13-at-17.45.46-768x1383.jpeg 768w, https:\/\/lasallecadiz.es\/mirandilla\/wp-content\/uploads\/sites\/5\/2026\/01\/WhatsApp-Image-2026-01-13-at-17.45.46-853x1536.jpeg 853w, https:\/\/lasallecadiz.es\/mirandilla\/wp-content\/uploads\/sites\/5\/2026\/01\/WhatsApp-Image-2026-01-13-at-17.45.46.jpeg 1111w\" sizes=\"(max-width: 569px) 100vw, 569px\" \/><\/figure>\n\n\n\n<figure class=\"wp-block-image size-large\"><img decoding=\"async\" width=\"768\" height=\"1024\" data-id=\"16770\" src=\"https:\/\/lasallecadiz.es\/mirandilla\/wp-content\/uploads\/sites\/5\/2026\/01\/WhatsApp-Image-2026-01-13-at-17.47.59-1-768x1024.jpeg\" alt=\"\" class=\"wp-image-16770\" srcset=\"https:\/\/lasallecadiz.es\/mirandilla\/wp-content\/uploads\/sites\/5\/2026\/01\/WhatsApp-Image-2026-01-13-at-17.47.59-1-768x1024.jpeg 768w, https:\/\/lasallecadiz.es\/mirandilla\/wp-content\/uploads\/sites\/5\/2026\/01\/WhatsApp-Image-2026-01-13-at-17.47.59-1-225x300.jpeg 225w, https:\/\/lasallecadiz.es\/mirandilla\/wp-content\/uploads\/sites\/5\/2026\/01\/WhatsApp-Image-2026-01-13-at-17.47.59-1-1152x1536.jpeg 1152w, https:\/\/lasallecadiz.es\/mirandilla\/wp-content\/uploads\/sites\/5\/2026\/01\/WhatsApp-Image-2026-01-13-at-17.47.59-1.jpeg 1200w\" sizes=\"(max-width: 768px) 100vw, 768px\" \/><\/figure>\n\n\n\n<figure class=\"wp-block-image size-large\"><img loading=\"lazy\" decoding=\"async\" width=\"768\" height=\"1024\" data-id=\"16775\" src=\"https:\/\/lasallecadiz.es\/mirandilla\/wp-content\/uploads\/sites\/5\/2026\/01\/WhatsApp-Image-2026-01-13-at-17.47.59-768x1024.jpeg\" alt=\"\" class=\"wp-image-16775\" srcset=\"https:\/\/lasallecadiz.es\/mirandilla\/wp-content\/uploads\/sites\/5\/2026\/01\/WhatsApp-Image-2026-01-13-at-17.47.59-768x1024.jpeg 768w, https:\/\/lasallecadiz.es\/mirandilla\/wp-content\/uploads\/sites\/5\/2026\/01\/WhatsApp-Image-2026-01-13-at-17.47.59-225x300.jpeg 225w, https:\/\/lasallecadiz.es\/mirandilla\/wp-content\/uploads\/sites\/5\/2026\/01\/WhatsApp-Image-2026-01-13-at-17.47.59-1152x1536.jpeg 1152w, https:\/\/lasallecadiz.es\/mirandilla\/wp-content\/uploads\/sites\/5\/2026\/01\/WhatsApp-Image-2026-01-13-at-17.47.59.jpeg 1200w\" sizes=\"(max-width: 768px) 100vw, 768px\" \/><\/figure>\n\n\n\n<figure class=\"wp-block-image size-large\"><img loading=\"lazy\" decoding=\"async\" width=\"1024\" height=\"768\" data-id=\"16776\" src=\"https:\/\/lasallecadiz.es\/mirandilla\/wp-content\/uploads\/sites\/5\/2026\/01\/WhatsApp-Image-2026-01-13-at-17.49.14-1024x768.jpeg\" alt=\"\" class=\"wp-image-16776\" srcset=\"https:\/\/lasallecadiz.es\/mirandilla\/wp-content\/uploads\/sites\/5\/2026\/01\/WhatsApp-Image-2026-01-13-at-17.49.14-1024x768.jpeg 1024w, https:\/\/lasallecadiz.es\/mirandilla\/wp-content\/uploads\/sites\/5\/2026\/01\/WhatsApp-Image-2026-01-13-at-17.49.14-300x225.jpeg 300w, https:\/\/lasallecadiz.es\/mirandilla\/wp-content\/uploads\/sites\/5\/2026\/01\/WhatsApp-Image-2026-01-13-at-17.49.14-768x576.jpeg 768w, https:\/\/lasallecadiz.es\/mirandilla\/wp-content\/uploads\/sites\/5\/2026\/01\/WhatsApp-Image-2026-01-13-at-17.49.14-1536x1152.jpeg 1536w, https:\/\/lasallecadiz.es\/mirandilla\/wp-content\/uploads\/sites\/5\/2026\/01\/WhatsApp-Image-2026-01-13-at-17.49.14.jpeg 1600w\" sizes=\"(max-width: 1024px) 100vw, 1024px\" \/><\/figure>\n\n\n\n<figure class=\"wp-block-image size-large\"><img loading=\"lazy\" decoding=\"async\" width=\"768\" height=\"1024\" data-id=\"16777\" src=\"https:\/\/lasallecadiz.es\/mirandilla\/wp-content\/uploads\/sites\/5\/2026\/01\/WhatsApp-Image-2026-01-13-at-17.50.40-768x1024.jpeg\" alt=\"\" class=\"wp-image-16777\" srcset=\"https:\/\/lasallecadiz.es\/mirandilla\/wp-content\/uploads\/sites\/5\/2026\/01\/WhatsApp-Image-2026-01-13-at-17.50.40-768x1024.jpeg 768w, https:\/\/lasallecadiz.es\/mirandilla\/wp-content\/uploads\/sites\/5\/2026\/01\/WhatsApp-Image-2026-01-13-at-17.50.40-225x300.jpeg 225w, https:\/\/lasallecadiz.es\/mirandilla\/wp-content\/uploads\/sites\/5\/2026\/01\/WhatsApp-Image-2026-01-13-at-17.50.40-1152x1536.jpeg 1152w, https:\/\/lasallecadiz.es\/mirandilla\/wp-content\/uploads\/sites\/5\/2026\/01\/WhatsApp-Image-2026-01-13-at-17.50.40.jpeg 1200w\" sizes=\"(max-width: 768px) 100vw, 768px\" \/><\/figure>\n<\/figure>\n\n\n\n<div class=\"wp-block-columns is-layout-flex wp-container-core-columns-is-layout-9d6595d7 wp-block-columns-is-layout-flex\">\n<div class=\"wp-block-column is-layout-flow wp-block-column-is-layout-flow\">\n<h2 class=\"wp-block-heading\"><strong>La respuesta a la escuela de hoy<\/strong><\/h2>\n\n\n\n<p>El mundo est\u00e1 cambiando y la educaci\u00f3n no puede quedarse al margen de esta revoluci\u00f3n en la manera de vivir y adquirir el conocimiento. La Salle ofrece una respuesta a la escuela de hoy, centr\u00e1ndose en la persona, en sus talentos, y buscando la forma de ayudarla a adquirir las habilidades y competencias que le permitan transformar el mundo.<\/p>\n<\/div>\n\n\n\n<div class=\"wp-block-column is-layout-flow wp-block-column-is-layout-flow\">\n<h2 class=\"wp-block-heading\"><strong>El alumno, centro de su propio aprendizaje<\/strong><\/h2>\n\n\n\n<p>El NCA propone a la persona como protagonista del proceso ense\u00f1anza-aprendizaje a partir de las dimensiones emocional,cognitiva, corporal, social y espiritual.<\/p>\n<\/div>\n<\/div>\n\n\n\n<div class=\"wp-block-media-text is-stacked-on-mobile\"><figure class=\"wp-block-media-text__media\"><img loading=\"lazy\" decoding=\"async\" width=\"792\" height=\"1024\" src=\"https:\/\/lasallecadiz.es\/mirandilla\/wp-content\/uploads\/sites\/5\/2026\/01\/WhatsApp-Image-2026-01-13-at-17.56.02-2-792x1024.jpeg\" alt=\"\" class=\"wp-image-16786 size-full\" srcset=\"https:\/\/lasallecadiz.es\/mirandilla\/wp-content\/uploads\/sites\/5\/2026\/01\/WhatsApp-Image-2026-01-13-at-17.56.02-2-792x1024.jpeg 792w, https:\/\/lasallecadiz.es\/mirandilla\/wp-content\/uploads\/sites\/5\/2026\/01\/WhatsApp-Image-2026-01-13-at-17.56.02-2-232x300.jpeg 232w, https:\/\/lasallecadiz.es\/mirandilla\/wp-content\/uploads\/sites\/5\/2026\/01\/WhatsApp-Image-2026-01-13-at-17.56.02-2-768x992.jpeg 768w, https:\/\/lasallecadiz.es\/mirandilla\/wp-content\/uploads\/sites\/5\/2026\/01\/WhatsApp-Image-2026-01-13-at-17.56.02-2.jpeg 982w\" sizes=\"(max-width: 792px) 100vw, 792px\" \/><\/figure><div class=\"wp-block-media-text__content\">\n<p><strong>Pilares esenciales del modelo NCA<\/strong><\/p>\n\n\n\n<p><br>Modelo experiencial<br>Vivir experiencias significativas permite, adem\u00e1s de adquirir conocimientos, la construcci\u00f3n de la personalidad.<\/p>\n\n\n\n<p>Modelo relacional<br>El aprendizaje cooperativo ayuda a interpretar, integrar, desde el propio aprendizaje, las experiencias de conocimiento.<\/p>\n\n\n\n<p>Ense\u00f1anza-aprendizaje<br>El alumno protagoniza su formaci\u00f3n y crecimiento personal dentro de un modelo en continua mejora.<\/p>\n\n\n\n<p>Figura del educador<br>El educador es el mediador en el proceso de aprendizaje, acompa\u00f1ando al alumno en su propio camino.<\/p>\n<\/div><\/div>\n\n\n\n<div class=\"wp-block-columns is-layout-flex wp-container-core-columns-is-layout-9d6595d7 wp-block-columns-is-layout-flex\">\n<div class=\"wp-block-column is-layout-flow wp-block-column-is-layout-flow\">\n<h3 class=\"wp-block-heading\"><strong>Principios pedag\u00f3gicos<\/strong><\/h3>\n\n\n\n<p>Los principios pedag\u00f3gicos son nuestras gu\u00edas, son lo que fundamenta y da sentido a nuestro proyecto. Marcan la diferencia y aportan valor a nuestra propuesta educativa y la sustentan. En definitiva, son la esencia del Nuevo Contexto de Aprendizaje (NCA) como respuesta \u00fanica a las nuevas necesidades que nos demanda la sociedad de hoy.<\/p>\n\n\n\n<p>Apoyado en principios pedag\u00f3gicos concretos y \u00e1mbitos did\u00e1cticos para su implementaci\u00f3n, NCA ponen a los alumnos en el centro del aprendizaje, propone al educador como gu\u00eda y mediador de este proceso, y a las familias como agente activo participante en \u00e9l.<\/p>\n<\/div>\n\n\n\n<div class=\"wp-block-column is-layout-flow wp-block-column-is-layout-flow\">\n<h3 class=\"wp-block-heading\"><strong>\u00c1mbitos de aprendizaje<\/strong><\/h3>\n\n\n\n<p>Los \u00e1mbitos de aprendizaje son los entornos did\u00e1cticos que permiten articular el curr\u00edculo de forma integradora y est\u00e1n interconectados entre s\u00ed, asegurando el aprendizaje desde diferentes miradas y a trav\u00e9s de contextos propios haciendo posible una escuela que asume nuevas realidades de conocimiento.<\/p>\n<\/div>\n\n\n\n<div class=\"wp-block-column is-layout-flow wp-block-column-is-layout-flow\">\n<h2 class=\"wp-block-heading\"><strong>Materiales propios<\/strong><\/h2>\n\n\n\n<h4 class=\"wp-block-heading\">La Salle ha desarrollado materiales propios que materializan el Nuevo Contexto de Aprendizaje, apostando por una educaci\u00f3n integral, que a\u00fana aprendizaje cooperativo, creatividad y visi\u00f3n solidaria, y que se apoya en nuestros principios pedag\u00f3gicos.<\/h4>\n\n\n\n<h3 class=\"wp-block-heading\">Una nueva forma de educar y aprender<\/h3>\n<\/div>\n<\/div>\n\n\n\n<div class=\"wp-block-media-text is-stacked-on-mobile\"><figure class=\"wp-block-media-text__media\"><img loading=\"lazy\" decoding=\"async\" width=\"724\" height=\"1024\" src=\"https:\/\/lasallecadiz.es\/mirandilla\/wp-content\/uploads\/sites\/5\/2026\/01\/Cartel-1-1-724x1024.png\" alt=\"\" class=\"wp-image-16788 size-full\" srcset=\"https:\/\/lasallecadiz.es\/mirandilla\/wp-content\/uploads\/sites\/5\/2026\/01\/Cartel-1-1-724x1024.png 724w, https:\/\/lasallecadiz.es\/mirandilla\/wp-content\/uploads\/sites\/5\/2026\/01\/Cartel-1-1-212x300.png 212w, https:\/\/lasallecadiz.es\/mirandilla\/wp-content\/uploads\/sites\/5\/2026\/01\/Cartel-1-1-768x1086.png 768w, https:\/\/lasallecadiz.es\/mirandilla\/wp-content\/uploads\/sites\/5\/2026\/01\/Cartel-1-1-1086x1536.png 1086w, https:\/\/lasallecadiz.es\/mirandilla\/wp-content\/uploads\/sites\/5\/2026\/01\/Cartel-1-1-1448x2048.png 1448w, https:\/\/lasallecadiz.es\/mirandilla\/wp-content\/uploads\/sites\/5\/2026\/01\/Cartel-1-1.png 1587w\" sizes=\"(max-width: 724px) 100vw, 724px\" \/><\/figure><div class=\"wp-block-media-text__content\">\n<p><\/p>\n\n\n\n<p><strong>\u00bfBuscas un lugar donde el coraz\u00f3n y el aprendizaje caminen de la mano? \u00a1VEN A VISITARNOS!<\/strong><\/p>\n\n\n\n<p><a><\/a><img loading=\"lazy\" decoding=\"async\" height=\"16\" width=\"16\" alt=\"\ud83d\udcab\" src=\"https:\/\/static.xx.fbcdn.net\/images\/emoji.php\/v9\/ted\/1\/16\/1f4ab.png\">En La Salle C\u00e1diz, cada ni\u00f1o es un mundo de luz y posibilidades. Por eso, pod\u00e9is visitarnos en nuestra jornada de Puertas Abiertas, los d\u00edas 10 y 24 de febrero <img loading=\"lazy\" decoding=\"async\" height=\"16\" width=\"16\" alt=\"\ud83d\udc4f\" src=\"https:\/\/static.xx.fbcdn.net\/images\/emoji.php\/v9\/tfe\/1\/16\/1f44f.png\">. Tambi\u00e9n, a partir de ma\u00f1ana 13 de enero, pod\u00e9is concertar una visita personalizada accediendo al siguiente enlace <a href=\"https:\/\/calendly.com\/citapreviaadmision\/mirandilla-jornada-de-puertas-abiertas?month=2026-01&amp;fbclid=IwYnJpZBExaGI3NWREN2dHcHVldUR0WHNydGMGYXBwX2lkEDIyMjAzOTE3ODgyMDA4OTIAAR4ujRaLF29Mb8zHmYaHCprKfTiy2NRqjWkZhLGxautl_LWsVsa5oknRTSMMnQ&amp;brid=tUk86RsuxEy2XDe9SrpkbQ\" rel=\"noreferrer noopener\" target=\"_blank\">https:\/\/calendly.com\/&#8230;\/mirandilla-jornada-de-puertas&#8230;<\/a><\/p>\n\n\n\n<p><img loading=\"lazy\" decoding=\"async\" height=\"16\" width=\"16\" alt=\"\ud83c\udf1f\" src=\"https:\/\/static.xx.fbcdn.net\/images\/emoji.php\/v9\/te0\/1\/16\/1f31f.png\">Queremos dedicarte todo el tiempo necesario para mostrarte nuestra casa, que pronto puede ser la tuya.<\/p>\n\n\n\n<p>\u00a1Ven a conocernos y formemos parte de este viaje juntos! \u00a1Nuestras puertas est\u00e1n abiertas!<\/p>\n<\/div><\/div>\n\n\n\n<figure class=\"wp-block-gallery has-nested-images columns-default is-cropped wp-block-gallery-2 is-layout-flex wp-block-gallery-is-layout-flex\">\n<figure class=\"wp-block-image size-large\"><img loading=\"lazy\" decoding=\"async\" width=\"1024\" height=\"845\" data-id=\"16790\" src=\"https:\/\/lasallecadiz.es\/mirandilla\/wp-content\/uploads\/sites\/5\/2026\/01\/WhatsApp-Image-2026-01-13-at-17.54.52-1-1024x845.jpeg\" alt=\"\" class=\"wp-image-16790\" srcset=\"https:\/\/lasallecadiz.es\/mirandilla\/wp-content\/uploads\/sites\/5\/2026\/01\/WhatsApp-Image-2026-01-13-at-17.54.52-1-1024x845.jpeg 1024w, https:\/\/lasallecadiz.es\/mirandilla\/wp-content\/uploads\/sites\/5\/2026\/01\/WhatsApp-Image-2026-01-13-at-17.54.52-1-300x247.jpeg 300w, https:\/\/lasallecadiz.es\/mirandilla\/wp-content\/uploads\/sites\/5\/2026\/01\/WhatsApp-Image-2026-01-13-at-17.54.52-1-768x633.jpeg 768w, https:\/\/lasallecadiz.es\/mirandilla\/wp-content\/uploads\/sites\/5\/2026\/01\/WhatsApp-Image-2026-01-13-at-17.54.52-1-1536x1267.jpeg 1536w, https:\/\/lasallecadiz.es\/mirandilla\/wp-content\/uploads\/sites\/5\/2026\/01\/WhatsApp-Image-2026-01-13-at-17.54.52-1.jpeg 2048w\" sizes=\"(max-width: 1024px) 100vw, 1024px\" \/><\/figure>\n\n\n\n<figure class=\"wp-block-image size-large\"><img loading=\"lazy\" decoding=\"async\" width=\"1024\" height=\"576\" data-id=\"16792\" src=\"https:\/\/lasallecadiz.es\/mirandilla\/wp-content\/uploads\/sites\/5\/2026\/01\/WhatsApp-Image-2026-01-13-at-17.57.52-1-1024x576.jpeg\" alt=\"\" class=\"wp-image-16792\" srcset=\"https:\/\/lasallecadiz.es\/mirandilla\/wp-content\/uploads\/sites\/5\/2026\/01\/WhatsApp-Image-2026-01-13-at-17.57.52-1-1024x576.jpeg 1024w, https:\/\/lasallecadiz.es\/mirandilla\/wp-content\/uploads\/sites\/5\/2026\/01\/WhatsApp-Image-2026-01-13-at-17.57.52-1-300x169.jpeg 300w, https:\/\/lasallecadiz.es\/mirandilla\/wp-content\/uploads\/sites\/5\/2026\/01\/WhatsApp-Image-2026-01-13-at-17.57.52-1-768x432.jpeg 768w, https:\/\/lasallecadiz.es\/mirandilla\/wp-content\/uploads\/sites\/5\/2026\/01\/WhatsApp-Image-2026-01-13-at-17.57.52-1-1536x864.jpeg 1536w, https:\/\/lasallecadiz.es\/mirandilla\/wp-content\/uploads\/sites\/5\/2026\/01\/WhatsApp-Image-2026-01-13-at-17.57.52-1.jpeg 1920w\" sizes=\"(max-width: 1024px) 100vw, 1024px\" \/><\/figure>\n\n\n\n<figure class=\"wp-block-image size-large\"><img loading=\"lazy\" decoding=\"async\" width=\"971\" height=\"1024\" data-id=\"16794\" src=\"https:\/\/lasallecadiz.es\/mirandilla\/wp-content\/uploads\/sites\/5\/2026\/01\/WhatsApp-Image-2026-01-13-at-17.58.05-1-971x1024.jpeg\" alt=\"\" class=\"wp-image-16794\" srcset=\"https:\/\/lasallecadiz.es\/mirandilla\/wp-content\/uploads\/sites\/5\/2026\/01\/WhatsApp-Image-2026-01-13-at-17.58.05-1-971x1024.jpeg 971w, https:\/\/lasallecadiz.es\/mirandilla\/wp-content\/uploads\/sites\/5\/2026\/01\/WhatsApp-Image-2026-01-13-at-17.58.05-1-284x300.jpeg 284w, https:\/\/lasallecadiz.es\/mirandilla\/wp-content\/uploads\/sites\/5\/2026\/01\/WhatsApp-Image-2026-01-13-at-17.58.05-1-768x810.jpeg 768w, https:\/\/lasallecadiz.es\/mirandilla\/wp-content\/uploads\/sites\/5\/2026\/01\/WhatsApp-Image-2026-01-13-at-17.58.05-1-1456x1536.jpeg 1456w, https:\/\/lasallecadiz.es\/mirandilla\/wp-content\/uploads\/sites\/5\/2026\/01\/WhatsApp-Image-2026-01-13-at-17.58.05-1.jpeg 1941w\" sizes=\"(max-width: 971px) 100vw, 971px\" \/><\/figure>\n\n\n\n<figure class=\"wp-block-image size-large\"><img loading=\"lazy\" decoding=\"async\" width=\"1024\" height=\"889\" data-id=\"16793\" src=\"https:\/\/lasallecadiz.es\/mirandilla\/wp-content\/uploads\/sites\/5\/2026\/01\/WhatsApp-Image-2026-01-13-at-17.58.28-1-1024x889.jpeg\" alt=\"\" class=\"wp-image-16793\" srcset=\"https:\/\/lasallecadiz.es\/mirandilla\/wp-content\/uploads\/sites\/5\/2026\/01\/WhatsApp-Image-2026-01-13-at-17.58.28-1-1024x889.jpeg 1024w, https:\/\/lasallecadiz.es\/mirandilla\/wp-content\/uploads\/sites\/5\/2026\/01\/WhatsApp-Image-2026-01-13-at-17.58.28-1-300x261.jpeg 300w, https:\/\/lasallecadiz.es\/mirandilla\/wp-content\/uploads\/sites\/5\/2026\/01\/WhatsApp-Image-2026-01-13-at-17.58.28-1-768x667.jpeg 768w, https:\/\/lasallecadiz.es\/mirandilla\/wp-content\/uploads\/sites\/5\/2026\/01\/WhatsApp-Image-2026-01-13-at-17.58.28-1.jpeg 1535w\" sizes=\"(max-width: 1024px) 100vw, 1024px\" \/><\/figure>\n\n\n\n<figure class=\"wp-block-image size-large\"><img loading=\"lazy\" decoding=\"async\" width=\"1024\" height=\"933\" data-id=\"16791\" src=\"https:\/\/lasallecadiz.es\/mirandilla\/wp-content\/uploads\/sites\/5\/2026\/01\/WhatsApp-Image-2026-01-13-at-18.00.05-1-1024x933.jpeg\" alt=\"\" class=\"wp-image-16791\" srcset=\"https:\/\/lasallecadiz.es\/mirandilla\/wp-content\/uploads\/sites\/5\/2026\/01\/WhatsApp-Image-2026-01-13-at-18.00.05-1-1024x933.jpeg 1024w, https:\/\/lasallecadiz.es\/mirandilla\/wp-content\/uploads\/sites\/5\/2026\/01\/WhatsApp-Image-2026-01-13-at-18.00.05-1-300x273.jpeg 300w, https:\/\/lasallecadiz.es\/mirandilla\/wp-content\/uploads\/sites\/5\/2026\/01\/WhatsApp-Image-2026-01-13-at-18.00.05-1-768x700.jpeg 768w, https:\/\/lasallecadiz.es\/mirandilla\/wp-content\/uploads\/sites\/5\/2026\/01\/WhatsApp-Image-2026-01-13-at-18.00.05-1-1536x1400.jpeg 1536w, https:\/\/lasallecadiz.es\/mirandilla\/wp-content\/uploads\/sites\/5\/2026\/01\/WhatsApp-Image-2026-01-13-at-18.00.05-1.jpeg 1646w\" sizes=\"(max-width: 1024px) 100vw, 1024px\" \/><\/figure>\n<\/figure>\n","protected":false},"excerpt":{"rendered":"<p>Porque el mundo evoluciona, la educaci\u00f3n en&nbsp;La Salle&nbsp;tambi\u00e9n El Nuevo Contexto de Aprendizaje (NCA) es un marco pedag\u00f3gico y pastoral, con identidad propia, que presenta una propuesta organizativa, metodol\u00f3gica y evaluativa clara, que otorga sentido pleno a la educaci\u00f3n de la persona abordando sus dimensiones emocional, cognitiva, corporal, social o espiritual a lo largo de &#8230; <a title=\"NCA Infantil-Primaria\" class=\"read-more\" href=\"https:\/\/lasallecadiz.es\/mirandilla\/nca-infantil-primaria-2\/\" aria-label=\"Leer m\u00e1s sobre NCA Infantil-Primaria\">Leer m\u00e1s<\/a><\/p>\n","protected":false},"author":25,"featured_media":0,"parent":0,"menu_order":0,"comment_status":"closed","ping_status":"closed","template":"","meta":{"_eb_attr":"","footnotes":""},"class_list":["post-16766","page","type-page","status-publish"],"_links":{"self":[{"href":"https:\/\/lasallecadiz.es\/mirandilla\/wp-json\/wp\/v2\/pages\/16766","targetHints":{"allow":["GET"]}}],"collection":[{"href":"https:\/\/lasallecadiz.es\/mirandilla\/wp-json\/wp\/v2\/pages"}],"about":[{"href":"https:\/\/lasallecadiz.es\/mirandilla\/wp-json\/wp\/v2\/types\/page"}],"author":[{"embeddable":true,"href":"https:\/\/lasallecadiz.es\/mirandilla\/wp-json\/wp\/v2\/users\/25"}],"replies":[{"embeddable":true,"href":"https:\/\/lasallecadiz.es\/mirandilla\/wp-json\/wp\/v2\/comments?post=16766"}],"version-history":[{"count":3,"href":"https:\/\/lasallecadiz.es\/mirandilla\/wp-json\/wp\/v2\/pages\/16766\/revisions"}],"predecessor-version":[{"id":16795,"href":"https:\/\/lasallecadiz.es\/mirandilla\/wp-json\/wp\/v2\/pages\/16766\/revisions\/16795"}],"wp:attachment":[{"href":"https:\/\/lasallecadiz.es\/mirandilla\/wp-json\/wp\/v2\/media?parent=16766"}],"curies":[{"name":"wp","href":"https:\/\/api.w.org\/{rel}","templated":true}]}}