{"id":6269,"date":"2020-11-18T19:10:43","date_gmt":"2020-11-18T19:10:43","guid":{"rendered":"https:\/\/lasallecadiz.es\/mirandilla\/?page_id=6269"},"modified":"2025-03-12T09:02:03","modified_gmt":"2025-03-12T09:02:03","slug":"presentacion","status":"publish","type":"page","link":"https:\/\/lasallecadiz.es\/mirandilla\/presentacion\/","title":{"rendered":"Presentaci\u00f3n"},"content":{"rendered":"\n<h2 class=\"wp-block-heading\">Bienvenido\/a a nuestro Colegio.<\/h2>\n\n\n\n<p>Estimado amigo\/a:<\/p>\n\n\n\n<p>Le damos la bienvenida al Colegio La Salle Mirandilla, uno de los 21 colegios de iniciativa social que la instituci\u00f3n lasaliana (Hermanos de las Escuelas Cristianas) tiene en nuestra comunidad aut\u00f3noma, Andaluc\u00eda.<\/p>\n\n\n\n<p>Se trata de un colegio, desde su fundaci\u00f3n, en el a\u00f1o 1895  Mirandilla, que ha sido, y es en la actualidad, el depositario de la tradici\u00f3n educativa y el carisma de La Salle. Un centro que abandera la innovaci\u00f3n educativa, con garant\u00edas de futuro, pero teniendo como base y centro de todo a la persona del alumno\/a.<\/p>\n\n\n\n<p>Como educadores vocacionados, vivimos d\u00eda a d\u00eda, con ilusi\u00f3n, el gran reto de educar \u00edntegramente a nuestro alumnado. Creemos firmemente en la m\u00e1xima aristot\u00e9lica: \u201cEducar la mente sin educar el coraz\u00f3n, no es educar en absoluto\u201d<\/p>\n\n\n\n<p>Dentro de esta formaci\u00f3n hol\u00edstica de la persona, ocupa un lugar preeminente la conciencia social, con la que queremos hacer hombres y mujeres preocupados, solidarios, comprometidos con los dem\u00e1s, sobre todo con los que menos tienen y los m\u00e1s vulnerables.<\/p>\n\n\n\n<p>La Salle es y ser\u00e1 siempre un proyecto vivo, abierto al cambio y a los nuevos tiempos, pero con unas ra\u00edces profundamente asentadas en su Car\u00e1cter Propio: \u201cEducar desde el Evangelio y Evangelizar desde la Educaci\u00f3n\u201d.<\/p>\n\n\n\n<p>Un abrazo fraternal en Cristo y La Salle.<\/p>\n\n\n\n<p><strong>Eva Mar\u00eda Borrego Cueto.<\/strong><\/p>\n\n\n\n<p><strong>Directora de La Salle Mirandilla.<\/strong><\/p>\n","protected":false},"excerpt":{"rendered":"<p>Bienvenido\/a a nuestro Colegio. Estimado amigo\/a: Le damos la bienvenida al Colegio La Salle Mirandilla, uno de los 21 colegios de iniciativa social que la instituci\u00f3n lasaliana (Hermanos de las Escuelas Cristianas) tiene en nuestra comunidad aut\u00f3noma, Andaluc\u00eda. Se trata de un colegio, desde su fundaci\u00f3n, en el a\u00f1o 1895 Mirandilla, que ha sido, y &#8230; <a title=\"Presentaci\u00f3n\" class=\"read-more\" href=\"https:\/\/lasallecadiz.es\/mirandilla\/presentacion\/\" aria-label=\"Leer m\u00e1s sobre Presentaci\u00f3n\">Leer m\u00e1s<\/a><\/p>\n","protected":false},"author":25,"featured_media":0,"parent":0,"menu_order":0,"comment_status":"closed","ping_status":"closed","template":"","meta":{"_eb_attr":"","footnotes":""},"class_list":["post-6269","page","type-page","status-publish"],"_links":{"self":[{"href":"https:\/\/lasallecadiz.es\/mirandilla\/wp-json\/wp\/v2\/pages\/6269","targetHints":{"allow":["GET"]}}],"collection":[{"href":"https:\/\/lasallecadiz.es\/mirandilla\/wp-json\/wp\/v2\/pages"}],"about":[{"href":"https:\/\/lasallecadiz.es\/mirandilla\/wp-json\/wp\/v2\/types\/page"}],"author":[{"embeddable":true,"href":"https:\/\/lasallecadiz.es\/mirandilla\/wp-json\/wp\/v2\/users\/25"}],"replies":[{"embeddable":true,"href":"https:\/\/lasallecadiz.es\/mirandilla\/wp-json\/wp\/v2\/comments?post=6269"}],"version-history":[{"count":6,"href":"https:\/\/lasallecadiz.es\/mirandilla\/wp-json\/wp\/v2\/pages\/6269\/revisions"}],"predecessor-version":[{"id":16281,"href":"https:\/\/lasallecadiz.es\/mirandilla\/wp-json\/wp\/v2\/pages\/6269\/revisions\/16281"}],"wp:attachment":[{"href":"https:\/\/lasallecadiz.es\/mirandilla\/wp-json\/wp\/v2\/media?parent=6269"}],"curies":[{"name":"wp","href":"https:\/\/api.w.org\/{rel}","templated":true}]}}