{"id":241,"date":"2017-01-30T18:15:02","date_gmt":"2017-01-30T18:15:02","guid":{"rendered":"https:\/\/lasallecadiz.es\/prueba1\/?page_id=241"},"modified":"2026-01-22T08:34:33","modified_gmt":"2026-01-22T08:34:33","slug":"nuestro-colegio","status":"publish","type":"page","link":"https:\/\/lasallecadiz.es\/vina\/nuestro-colegio\/","title":{"rendered":"Nuestro colegio"},"content":{"rendered":"<h2 style=\"text-align: center;\">Los Hermanos de La Salle en C\u00e1diz<\/h2>\n<p><img decoding=\"async\" class=\"wp-image-1047 alignleft\" src=\"https:\/\/lasallecadiz.es\/prueba1\/wp-content\/uploads\/sites\/4\/2017\/01\/indivisa.jpg\" width=\"138\" height=\"176\" \/>La fama educativa de la ense\u00f1anza ofrecida por los Hermanos de las Escuelas Cristianas, se hab\u00eda extendido por todo el pa\u00eds, desde que el 26 de febrero de 1878 llegasen a Madrid los Hermanos Jubinius, Ithamares de Jes\u00fas, Ivergile \u2013 Joseph y Gioachino de Mar\u00eda. A partir de entonces son continuas las peticiones para abrir colegios en todos los puntos de la naci\u00f3n espa\u00f1ola.<img fetchpriority=\"high\" decoding=\"async\" class=\"alignright wp-image-1029\" src=\"https:\/\/lasallecadiz.es\/prueba1\/wp-content\/uploads\/sites\/4\/2017\/01\/0000834247.jpg\" alt=\"\" width=\"280\" height=\"405\" srcset=\"https:\/\/lasallecadiz.es\/vina\/wp-content\/uploads\/sites\/4\/2017\/01\/0000834247.jpg 335w, https:\/\/lasallecadiz.es\/vina\/wp-content\/uploads\/sites\/4\/2017\/01\/0000834247-208x300.jpg 208w\" sizes=\"(max-width: 280px) 100vw, 280px\" \/><\/p>\n<p>Muchas fueron las llamadas que desde C\u00e1diz se hicieron al Superior General. Junta de Escuelas Cat\u00f3licas, Sr. Obispo D. Jaime Catal\u00e1, Don Antonio Zubieta y tantos otros intervinieron para que los Hermanos de la Salle impartiesen sus ense\u00f1anzas en C\u00e1diz.<\/p>\n<p>D\u00eda de gozo fue el 15 de noviembre de 1879, fecha en la que bajo el mando del Hermano Eliseus llegan a C\u00e1diz los Hermanos de las Escuelas Cristianas, instal\u00e1ndose en el Convento de Santo Domingo. Esto dur\u00f3 hasta 1890, fecha en la que los Padres Dominicos tomaron posesi\u00f3n de su antiguo Convento. No obstante, para no dejar el Barrio de Santa Mar\u00eda sin escuela, permanecen en Santo Domingo dos clases, que eran atendidas por Hermanos de La Salle.<\/p>\n<p>En 1882, gracias a la generosidad de Don Domingo Jos\u00e9 de Iriarte, se funda la Escuela de Nuestra Se\u00f1ora del Rosario y San Antonio (La Salle Vi\u00f1a).<\/p>\n<p style=\"text-align: center;\"><img decoding=\"async\" class=\"alignleft wp-image-1042 size-medium\" src=\"https:\/\/lasallecadiz.es\/prueba1\/wp-content\/uploads\/sites\/4\/2017\/01\/WhatsApp-Image-2017-02-14-at-19.21.47-300x225.jpeg\" width=\"300\" height=\"225\" srcset=\"https:\/\/lasallecadiz.es\/vina\/wp-content\/uploads\/sites\/4\/2017\/01\/WhatsApp-Image-2017-02-14-at-19.21.47-300x225.jpeg 300w, https:\/\/lasallecadiz.es\/vina\/wp-content\/uploads\/sites\/4\/2017\/01\/WhatsApp-Image-2017-02-14-at-19.21.47-768x576.jpeg 768w, https:\/\/lasallecadiz.es\/vina\/wp-content\/uploads\/sites\/4\/2017\/01\/WhatsApp-Image-2017-02-14-at-19.21.47-1024x768.jpeg 1024w, https:\/\/lasallecadiz.es\/vina\/wp-content\/uploads\/sites\/4\/2017\/01\/WhatsApp-Image-2017-02-14-at-19.21.47.jpeg 1600w\" sizes=\"(max-width: 300px) 100vw, 300px\" \/><\/p>\n<p>Los Hermanos de las Escuelas Cristianas atend\u00edan tambi\u00e9n, a instancias del obispo Calvo y\u00a0Valero, dos clases en la Parroquia de Santa Cruz, para los Seises de la Catedral.<\/p>\n<p>Ante el problema de escolarizaci\u00f3n en los extramuros de C\u00e1diz, el Obispo Jos\u00e9 Mar\u00eda Ranc\u00e9s, el Padre A\u00f1eto y el Can\u00f3nigo D. Felix Soto y Mancera, promotores de obras ben\u00e9ficos \u2013 sociales de la ciudad, ofrecen a los Hermanos una Escuela situada aproximadamente a espaldas de la Parroquia de San Jos\u00e9, aportada con fondos de la Testamentar\u00eda de D. Juan Nepomucemo Retes. La Escuela a la que denominan \u201cSan Jos\u00e9\u201d, se inaugura el 1 de noviembre de 1893. Los Hermanos de La Salle permanecen en ella hasta el 6 de junio de 1904, fecha en la que estando a punto de desaparecer por falta de fondos, el Colegio Centro Cat\u00f3lico de Obreros, situado en la Plaza Jes\u00fas Nazareno, el Obispado pidi\u00f3 ayuda al Instituto La Salle para que se hiciera cargo del mismo, ya que del Colegio San Jos\u00e9 lo har\u00eda una Comunidad que deseaba fundar en C\u00e1diz una Escuela- Asilo de Artes y Oficios.<\/p>\n<p><img loading=\"lazy\" decoding=\"async\" class=\"alignleft size-medium wp-image-1041\" src=\"https:\/\/lasallecadiz.es\/prueba1\/wp-content\/uploads\/sites\/4\/2017\/01\/Moreno-de-mora-232x300.jpg\" alt=\"\" width=\"232\" height=\"300\" srcset=\"https:\/\/lasallecadiz.es\/vina\/wp-content\/uploads\/sites\/4\/2017\/01\/Moreno-de-mora-232x300.jpg 232w, https:\/\/lasallecadiz.es\/vina\/wp-content\/uploads\/sites\/4\/2017\/01\/Moreno-de-mora.jpg 335w\" sizes=\"(max-width: 232px) 100vw, 232px\" \/>Por otra parte, el Barrio de Santa Mar\u00eda, hab\u00eda quedado desamparado de colegios. Gracias a la tenacidad del Can\u00f3nigo D. F\u00e9lix Soto y Mancera y la generosidad del matrimonio D. Jos\u00e9 Moreno de Mora y Vit\u00f3n y D\u00f1a. Micaela de Aramburu y Fern\u00e1ndez, se construy\u00f3 el Colegio La Salle Mirandilla, <img loading=\"lazy\" decoding=\"async\" class=\"alignright wp-image-1035 size-medium\" src=\"https:\/\/lasallecadiz.es\/prueba1\/wp-content\/uploads\/sites\/4\/2017\/01\/BaBlIc1CYAESg5q-300x200.jpg\" width=\"300\" height=\"200\" srcset=\"https:\/\/lasallecadiz.es\/vina\/wp-content\/uploads\/sites\/4\/2017\/01\/BaBlIc1CYAESg5q-300x200.jpg 300w, https:\/\/lasallecadiz.es\/vina\/wp-content\/uploads\/sites\/4\/2017\/01\/BaBlIc1CYAESg5q.jpg 599w\" sizes=\"(max-width: 300px) 100vw, 300px\" \/>bajo la advocaci\u00f3n de San Miguel Arc\u00e1ngel. La bendici\u00f3n del nuevo Colegio se realiza el 25 de marzo de 1895, siendo su primer Director el H. Domingo Jos\u00e9.<\/p>\n<p>Muchas vicisitudes tuvieron que padecer los Hermanos de La Salle en \u00e9pocas dif\u00edciles: incendios del Centro Cat\u00f3lico de Obreros y del Colegio de La Salle Vi\u00f1a, saqueos, profanaci\u00f3n de im\u00e1genes, destrucci\u00f3n de archivos y enseres de ense\u00f1anza, etc., en el Colegio La Salle Mirandilla, pero ellos, con su entrega y su tes\u00f3n continuaron con la labor pedag\u00f3gica que les inculc\u00f3 el Santo Fundador San Juan Bautista de La Salle.<\/p>\n<p style=\"text-align: center;\"><img loading=\"lazy\" decoding=\"async\" class=\"aligncenter wp-image-1026 size-full\" src=\"https:\/\/lasallecadiz.es\/prueba1\/wp-content\/uploads\/sites\/4\/2017\/01\/1Catedral.jpg\" width=\"600\" height=\"359\" srcset=\"https:\/\/lasallecadiz.es\/vina\/wp-content\/uploads\/sites\/4\/2017\/01\/1Catedral.jpg 600w, https:\/\/lasallecadiz.es\/vina\/wp-content\/uploads\/sites\/4\/2017\/01\/1Catedral-300x180.jpg 300w\" sizes=\"(max-width: 600px) 100vw, 600px\" \/><\/p>\n<p>Los Hermanos de La Salle nunca han pedido nada, siempre disponibles para los dem\u00e1s, entregados a su generosa misi\u00f3n, pero el pueblo de C\u00e1diz, agradecido, les ha distinguido con la Cruz de Alfonso X el Sabio al Hermano Juli\u00e1n, Director de La Salle Mirandilla, Cruz de Alfonso X el Sa<br \/>\nbio al Hermano Ignacio, Director de La Salle Vi\u00f1a, Placa de Oro de la Provincia de C\u00e1diz, concedida por la Excma. Diputaci\u00f3n Provincial, T\u00edtulo de Hijo Adoptivo de C\u00e1diz concedido por el Excmo. Ayuntamiento y Medalla de Oro de la Ciudad de C\u00e1diz, concedida por el Excmo. Ayuntamiento.<img loading=\"lazy\" decoding=\"async\" class=\"alignleft size-medium wp-image-1038\" src=\"https:\/\/lasallecadiz.es\/prueba1\/wp-content\/uploads\/sites\/4\/2017\/01\/Medalla-300x228.jpg\" alt=\"\" width=\"300\" height=\"228\" srcset=\"https:\/\/lasallecadiz.es\/vina\/wp-content\/uploads\/sites\/4\/2017\/01\/Medalla-300x228.jpg 300w, https:\/\/lasallecadiz.es\/vina\/wp-content\/uploads\/sites\/4\/2017\/01\/Medalla.jpg 335w\" sizes=\"(max-width: 300px) 100vw, 300px\" \/><\/p>\n<p>Hoy, despu\u00e9s de m\u00e1s de ciento treinta a\u00f1os en C\u00e1diz, queremos dedicar un merecid\u00edsimo homenaje al Instituto La Salle y un profundo agradecimiento por la labor que han prestado y siguen prestando a tantos y tantos gaditanos.<\/p>\n<p>Por todo ello, y recordando nuestro lema lasaliano:<\/p>\n<p><em>&lt;&lt;Indivisa Manent \u2013 Permaneced unidos&gt;&gt;<\/em><\/p>\n<p style=\"text-align: center;\"><strong>\u00a1GRACIAS HERMANOS!<img loading=\"lazy\" decoding=\"async\" class=\"aligncenter size-full wp-image-1186\" src=\"https:\/\/lasallecadiz.es\/prueba1\/wp-content\/uploads\/sites\/4\/2017\/01\/Perez-Valiente.png\" alt=\"\" width=\"200\" height=\"280\" \/><\/strong><\/p>\n<p style=\"text-align: center;\"><img loading=\"lazy\" decoding=\"async\" class=\"aligncenter size-full wp-image-1011\" src=\"https:\/\/lasallecadiz.es\/prueba1\/wp-content\/uploads\/sites\/4\/2017\/01\/Firma.png\" alt=\"\" width=\"157\" height=\"146\" \/><\/p>\n<p style=\"text-align: center;\">Jos\u00e9 Mar\u00eda P\u00e9rez Valiente, antiguo alumno.<\/p>\n<div id='gallery-1' class='gallery galleryid-241 gallery-columns-3 gallery-size-thumbnail'><figure class='gallery-item'>\n\t\t\t<div class='gallery-icon portrait'>\n\t\t\t\t<a href='https:\/\/lasallecadiz.es\/vina\/nuestro-colegio\/attachment\/0000834247\/#main'><img loading=\"lazy\" decoding=\"async\" width=\"150\" height=\"150\" src=\"https:\/\/lasallecadiz.es\/vina\/wp-content\/uploads\/sites\/4\/2017\/01\/0000834247-150x150.jpg\" class=\"attachment-thumbnail size-thumbnail\" alt=\"\" srcset=\"https:\/\/lasallecadiz.es\/vina\/wp-content\/uploads\/sites\/4\/2017\/01\/0000834247-150x150.jpg 150w, https:\/\/lasallecadiz.es\/vina\/wp-content\/uploads\/sites\/4\/2017\/01\/0000834247-180x180.jpg 180w, https:\/\/lasallecadiz.es\/vina\/wp-content\/uploads\/sites\/4\/2017\/01\/0000834247-300x300.jpg 300w\" sizes=\"(max-width: 150px) 100vw, 150px\" \/><\/a>\n\t\t\t<\/div><\/figure><figure class='gallery-item'>\n\t\t\t<div class='gallery-icon landscape'>\n\t\t\t\t<a href='https:\/\/lasallecadiz.es\/vina\/nuestro-colegio\/whatsapp-image-2017-02-14-at-19-21-47\/#main'><img loading=\"lazy\" decoding=\"async\" width=\"150\" height=\"150\" src=\"https:\/\/lasallecadiz.es\/vina\/wp-content\/uploads\/sites\/4\/2017\/01\/WhatsApp-Image-2017-02-14-at-19.21.47-150x150.jpeg\" class=\"attachment-thumbnail size-thumbnail\" alt=\"\" srcset=\"https:\/\/lasallecadiz.es\/vina\/wp-content\/uploads\/sites\/4\/2017\/01\/WhatsApp-Image-2017-02-14-at-19.21.47-150x150.jpeg 150w, https:\/\/lasallecadiz.es\/vina\/wp-content\/uploads\/sites\/4\/2017\/01\/WhatsApp-Image-2017-02-14-at-19.21.47-180x180.jpeg 180w, https:\/\/lasallecadiz.es\/vina\/wp-content\/uploads\/sites\/4\/2017\/01\/WhatsApp-Image-2017-02-14-at-19.21.47-300x300.jpeg 300w, https:\/\/lasallecadiz.es\/vina\/wp-content\/uploads\/sites\/4\/2017\/01\/WhatsApp-Image-2017-02-14-at-19.21.47-600x600.jpeg 600w\" sizes=\"(max-width: 150px) 100vw, 150px\" \/><\/a>\n\t\t\t<\/div><\/figure><figure class='gallery-item'>\n\t\t\t<div class='gallery-icon landscape'>\n\t\t\t\t<a href='https:\/\/lasallecadiz.es\/vina\/nuestro-colegio\/bablic1cyaesg5q\/#main'><img loading=\"lazy\" decoding=\"async\" width=\"150\" height=\"150\" src=\"https:\/\/lasallecadiz.es\/vina\/wp-content\/uploads\/sites\/4\/2017\/01\/BaBlIc1CYAESg5q-150x150.jpg\" class=\"attachment-thumbnail size-thumbnail\" alt=\"\" srcset=\"https:\/\/lasallecadiz.es\/vina\/wp-content\/uploads\/sites\/4\/2017\/01\/BaBlIc1CYAESg5q-150x150.jpg 150w, https:\/\/lasallecadiz.es\/vina\/wp-content\/uploads\/sites\/4\/2017\/01\/BaBlIc1CYAESg5q-180x180.jpg 180w, https:\/\/lasallecadiz.es\/vina\/wp-content\/uploads\/sites\/4\/2017\/01\/BaBlIc1CYAESg5q-300x300.jpg 300w\" sizes=\"(max-width: 150px) 100vw, 150px\" \/><\/a>\n\t\t\t<\/div><\/figure><figure class='gallery-item'>\n\t\t\t<div class='gallery-icon landscape'>\n\t\t\t\t<a href='https:\/\/lasallecadiz.es\/vina\/nuestro-colegio\/attachment\/0000834250\/#main'><img loading=\"lazy\" decoding=\"async\" width=\"150\" height=\"150\" src=\"https:\/\/lasallecadiz.es\/vina\/wp-content\/uploads\/sites\/4\/2017\/01\/0000834250-150x150.jpg\" class=\"attachment-thumbnail size-thumbnail\" alt=\"\" srcset=\"https:\/\/lasallecadiz.es\/vina\/wp-content\/uploads\/sites\/4\/2017\/01\/0000834250-150x150.jpg 150w, https:\/\/lasallecadiz.es\/vina\/wp-content\/uploads\/sites\/4\/2017\/01\/0000834250-180x180.jpg 180w\" sizes=\"(max-width: 150px) 100vw, 150px\" \/><\/a>\n\t\t\t<\/div><\/figure><figure class='gallery-item'>\n\t\t\t<div class='gallery-icon landscape'>\n\t\t\t\t<a href='https:\/\/lasallecadiz.es\/vina\/nuestro-colegio\/mirandilla-2\/#main'><img loading=\"lazy\" decoding=\"async\" width=\"150\" height=\"150\" src=\"https:\/\/lasallecadiz.es\/vina\/wp-content\/uploads\/sites\/4\/2017\/01\/mirandilla-2-150x150.jpg\" class=\"attachment-thumbnail size-thumbnail\" alt=\"\" srcset=\"https:\/\/lasallecadiz.es\/vina\/wp-content\/uploads\/sites\/4\/2017\/01\/mirandilla-2-150x150.jpg 150w, https:\/\/lasallecadiz.es\/vina\/wp-content\/uploads\/sites\/4\/2017\/01\/mirandilla-2-180x180.jpg 180w, https:\/\/lasallecadiz.es\/vina\/wp-content\/uploads\/sites\/4\/2017\/01\/mirandilla-2-300x300.jpg 300w\" sizes=\"(max-width: 150px) 100vw, 150px\" \/><\/a>\n\t\t\t<\/div><\/figure><figure class='gallery-item'>\n\t\t\t<div class='gallery-icon landscape'>\n\t\t\t\t<a href='https:\/\/lasallecadiz.es\/vina\/nuestro-colegio\/mirandilla\/#main'><img loading=\"lazy\" decoding=\"async\" width=\"150\" height=\"150\" src=\"https:\/\/lasallecadiz.es\/vina\/wp-content\/uploads\/sites\/4\/2017\/01\/mirandilla-150x150.jpg\" class=\"attachment-thumbnail size-thumbnail\" alt=\"\" srcset=\"https:\/\/lasallecadiz.es\/vina\/wp-content\/uploads\/sites\/4\/2017\/01\/mirandilla-150x150.jpg 150w, https:\/\/lasallecadiz.es\/vina\/wp-content\/uploads\/sites\/4\/2017\/01\/mirandilla-180x180.jpg 180w, https:\/\/lasallecadiz.es\/vina\/wp-content\/uploads\/sites\/4\/2017\/01\/mirandilla-300x300.jpg 300w\" sizes=\"(max-width: 150px) 100vw, 150px\" \/><\/a>\n\t\t\t<\/div><\/figure><figure class='gallery-item'>\n\t\t\t<div class='gallery-icon landscape'>\n\t\t\t\t<a href='https:\/\/lasallecadiz.es\/vina\/nuestro-colegio\/de-cadiz_27042008_020_a_1049288\/#main'><img loading=\"lazy\" decoding=\"async\" width=\"150\" height=\"150\" src=\"https:\/\/lasallecadiz.es\/vina\/wp-content\/uploads\/sites\/4\/2017\/01\/de-cadiz_27042008_020_a_1049288-150x150.jpg\" class=\"attachment-thumbnail size-thumbnail\" alt=\"\" srcset=\"https:\/\/lasallecadiz.es\/vina\/wp-content\/uploads\/sites\/4\/2017\/01\/de-cadiz_27042008_020_a_1049288-150x150.jpg 150w, https:\/\/lasallecadiz.es\/vina\/wp-content\/uploads\/sites\/4\/2017\/01\/de-cadiz_27042008_020_a_1049288-180x180.jpg 180w, https:\/\/lasallecadiz.es\/vina\/wp-content\/uploads\/sites\/4\/2017\/01\/de-cadiz_27042008_020_a_1049288-300x300.jpg 300w\" sizes=\"(max-width: 150px) 100vw, 150px\" \/><\/a>\n\t\t\t<\/div><\/figure><figure class='gallery-item'>\n\t\t\t<div class='gallery-icon landscape'>\n\t\t\t\t<a href='https:\/\/lasallecadiz.es\/vina\/nuestro-colegio\/de-cadiz_24022008_031_a_1019772\/#main'><img loading=\"lazy\" decoding=\"async\" width=\"150\" height=\"150\" src=\"https:\/\/lasallecadiz.es\/vina\/wp-content\/uploads\/sites\/4\/2017\/01\/de-cadiz_24022008_031_a_1019772-150x150.jpg\" class=\"attachment-thumbnail size-thumbnail\" alt=\"\" srcset=\"https:\/\/lasallecadiz.es\/vina\/wp-content\/uploads\/sites\/4\/2017\/01\/de-cadiz_24022008_031_a_1019772-150x150.jpg 150w, https:\/\/lasallecadiz.es\/vina\/wp-content\/uploads\/sites\/4\/2017\/01\/de-cadiz_24022008_031_a_1019772-180x180.jpg 180w, https:\/\/lasallecadiz.es\/vina\/wp-content\/uploads\/sites\/4\/2017\/01\/de-cadiz_24022008_031_a_1019772-300x300.jpg 300w\" sizes=\"(max-width: 150px) 100vw, 150px\" \/><\/a>\n\t\t\t<\/div><\/figure><figure class='gallery-item'>\n\t\t\t<div class='gallery-icon landscape'>\n\t\t\t\t<a href='https:\/\/lasallecadiz.es\/vina\/nuestro-colegio\/attachment\/0000834255\/#main'><img loading=\"lazy\" decoding=\"async\" width=\"150\" height=\"150\" src=\"https:\/\/lasallecadiz.es\/vina\/wp-content\/uploads\/sites\/4\/2017\/01\/0000834255-150x150.jpg\" class=\"attachment-thumbnail size-thumbnail\" alt=\"\" srcset=\"https:\/\/lasallecadiz.es\/vina\/wp-content\/uploads\/sites\/4\/2017\/01\/0000834255-150x150.jpg 150w, https:\/\/lasallecadiz.es\/vina\/wp-content\/uploads\/sites\/4\/2017\/01\/0000834255-180x180.jpg 180w\" sizes=\"(max-width: 150px) 100vw, 150px\" \/><\/a>\n\t\t\t<\/div><\/figure><figure class='gallery-item'>\n\t\t\t<div class='gallery-icon landscape'>\n\t\t\t\t<a href='https:\/\/lasallecadiz.es\/vina\/nuestro-colegio\/ninos\/#main'><img loading=\"lazy\" decoding=\"async\" width=\"150\" height=\"150\" src=\"https:\/\/lasallecadiz.es\/vina\/wp-content\/uploads\/sites\/4\/2017\/01\/ninos-150x150.jpg\" class=\"attachment-thumbnail size-thumbnail\" alt=\"\" srcset=\"https:\/\/lasallecadiz.es\/vina\/wp-content\/uploads\/sites\/4\/2017\/01\/ninos-150x150.jpg 150w, https:\/\/lasallecadiz.es\/vina\/wp-content\/uploads\/sites\/4\/2017\/01\/ninos-180x180.jpg 180w, https:\/\/lasallecadiz.es\/vina\/wp-content\/uploads\/sites\/4\/2017\/01\/ninos-300x300.jpg 300w\" sizes=\"(max-width: 150px) 100vw, 150px\" \/><\/a>\n\t\t\t<\/div><\/figure><figure class='gallery-item'>\n\t\t\t<div class='gallery-icon landscape'>\n\t\t\t\t<a href='https:\/\/lasallecadiz.es\/vina\/nuestro-colegio\/attachment\/0000834253\/#main'><img loading=\"lazy\" decoding=\"async\" width=\"150\" height=\"150\" src=\"https:\/\/lasallecadiz.es\/vina\/wp-content\/uploads\/sites\/4\/2017\/01\/0000834253-150x150.jpg\" class=\"attachment-thumbnail size-thumbnail\" alt=\"\" srcset=\"https:\/\/lasallecadiz.es\/vina\/wp-content\/uploads\/sites\/4\/2017\/01\/0000834253-150x150.jpg 150w, https:\/\/lasallecadiz.es\/vina\/wp-content\/uploads\/sites\/4\/2017\/01\/0000834253-180x180.jpg 180w\" sizes=\"(max-width: 150px) 100vw, 150px\" \/><\/a>\n\t\t\t<\/div><\/figure><figure class='gallery-item'>\n\t\t\t<div class='gallery-icon landscape'>\n\t\t\t\t<a href='https:\/\/lasallecadiz.es\/vina\/nuestro-colegio\/attachment\/0000834249\/#main'><img loading=\"lazy\" decoding=\"async\" width=\"150\" height=\"150\" src=\"https:\/\/lasallecadiz.es\/vina\/wp-content\/uploads\/sites\/4\/2017\/01\/0000834249-150x150.jpg\" class=\"attachment-thumbnail size-thumbnail\" alt=\"\" srcset=\"https:\/\/lasallecadiz.es\/vina\/wp-content\/uploads\/sites\/4\/2017\/01\/0000834249-150x150.jpg 150w, https:\/\/lasallecadiz.es\/vina\/wp-content\/uploads\/sites\/4\/2017\/01\/0000834249-180x180.jpg 180w\" sizes=\"(max-width: 150px) 100vw, 150px\" \/><\/a>\n\t\t\t<\/div><\/figure><figure class='gallery-item'>\n\t\t\t<div class='gallery-icon landscape'>\n\t\t\t\t<a href='https:\/\/lasallecadiz.es\/vina\/nuestro-colegio\/1_cabrera\/#main'><img loading=\"lazy\" decoding=\"async\" width=\"150\" height=\"150\" src=\"https:\/\/lasallecadiz.es\/vina\/wp-content\/uploads\/sites\/4\/2017\/01\/1_Cabrera-150x150.jpg\" class=\"attachment-thumbnail size-thumbnail\" alt=\"\" srcset=\"https:\/\/lasallecadiz.es\/vina\/wp-content\/uploads\/sites\/4\/2017\/01\/1_Cabrera-150x150.jpg 150w, https:\/\/lasallecadiz.es\/vina\/wp-content\/uploads\/sites\/4\/2017\/01\/1_Cabrera-180x180.jpg 180w, https:\/\/lasallecadiz.es\/vina\/wp-content\/uploads\/sites\/4\/2017\/01\/1_Cabrera-300x300.jpg 300w\" sizes=\"(max-width: 150px) 100vw, 150px\" \/><\/a>\n\t\t\t<\/div><\/figure><figure class='gallery-item'>\n\t\t\t<div class='gallery-icon landscape'>\n\t\t\t\t<a href='https:\/\/lasallecadiz.es\/vina\/nuestro-colegio\/1catedral\/#main'><img loading=\"lazy\" decoding=\"async\" width=\"150\" height=\"150\" src=\"https:\/\/lasallecadiz.es\/vina\/wp-content\/uploads\/sites\/4\/2017\/01\/1Catedral-150x150.jpg\" class=\"attachment-thumbnail size-thumbnail\" alt=\"\" srcset=\"https:\/\/lasallecadiz.es\/vina\/wp-content\/uploads\/sites\/4\/2017\/01\/1Catedral-150x150.jpg 150w, https:\/\/lasallecadiz.es\/vina\/wp-content\/uploads\/sites\/4\/2017\/01\/1Catedral-180x180.jpg 180w, https:\/\/lasallecadiz.es\/vina\/wp-content\/uploads\/sites\/4\/2017\/01\/1Catedral-300x300.jpg 300w\" sizes=\"(max-width: 150px) 100vw, 150px\" \/><\/a>\n\t\t\t<\/div><\/figure><figure class='gallery-item'>\n\t\t\t<div class='gallery-icon landscape'>\n\t\t\t\t<a href='https:\/\/lasallecadiz.es\/vina\/nuestro-colegio\/1mirandilla1\/#main'><img loading=\"lazy\" decoding=\"async\" width=\"150\" height=\"150\" src=\"https:\/\/lasallecadiz.es\/vina\/wp-content\/uploads\/sites\/4\/2017\/01\/1mirandilla1-150x150.jpg\" class=\"attachment-thumbnail size-thumbnail\" alt=\"\" srcset=\"https:\/\/lasallecadiz.es\/vina\/wp-content\/uploads\/sites\/4\/2017\/01\/1mirandilla1-150x150.jpg 150w, https:\/\/lasallecadiz.es\/vina\/wp-content\/uploads\/sites\/4\/2017\/01\/1mirandilla1-180x180.jpg 180w, https:\/\/lasallecadiz.es\/vina\/wp-content\/uploads\/sites\/4\/2017\/01\/1mirandilla1-300x300.jpg 300w\" sizes=\"(max-width: 150px) 100vw, 150px\" \/><\/a>\n\t\t\t<\/div><\/figure><figure class='gallery-item'>\n\t\t\t<div class='gallery-icon landscape'>\n\t\t\t\t<a href='https:\/\/lasallecadiz.es\/vina\/nuestro-colegio\/4-la-salle-2\/#main'><img loading=\"lazy\" decoding=\"async\" width=\"150\" height=\"150\" src=\"https:\/\/lasallecadiz.es\/vina\/wp-content\/uploads\/sites\/4\/2017\/01\/4-la-salle-2-150x150.jpg\" class=\"attachment-thumbnail size-thumbnail\" alt=\"\" srcset=\"https:\/\/lasallecadiz.es\/vina\/wp-content\/uploads\/sites\/4\/2017\/01\/4-la-salle-2-150x150.jpg 150w, https:\/\/lasallecadiz.es\/vina\/wp-content\/uploads\/sites\/4\/2017\/01\/4-la-salle-2-180x180.jpg 180w, https:\/\/lasallecadiz.es\/vina\/wp-content\/uploads\/sites\/4\/2017\/01\/4-la-salle-2-300x300.jpg 300w\" sizes=\"(max-width: 150px) 100vw, 150px\" \/><\/a>\n\t\t\t<\/div><\/figure><figure class='gallery-item'>\n\t\t\t<div class='gallery-icon landscape'>\n\t\t\t\t<a href='https:\/\/lasallecadiz.es\/vina\/nuestro-colegio\/attachment\/0000834254\/#main'><img loading=\"lazy\" decoding=\"async\" width=\"150\" height=\"150\" src=\"https:\/\/lasallecadiz.es\/vina\/wp-content\/uploads\/sites\/4\/2017\/01\/0000834254-150x150.jpg\" class=\"attachment-thumbnail size-thumbnail\" alt=\"\" srcset=\"https:\/\/lasallecadiz.es\/vina\/wp-content\/uploads\/sites\/4\/2017\/01\/0000834254-150x150.jpg 150w, https:\/\/lasallecadiz.es\/vina\/wp-content\/uploads\/sites\/4\/2017\/01\/0000834254-180x180.jpg 180w\" sizes=\"(max-width: 150px) 100vw, 150px\" \/><\/a>\n\t\t\t<\/div><\/figure><figure class='gallery-item'>\n\t\t\t<div class='gallery-icon landscape'>\n\t\t\t\t<a href='https:\/\/lasallecadiz.es\/vina\/nuestro-colegio\/medalla\/#main'><img loading=\"lazy\" decoding=\"async\" width=\"150\" height=\"150\" src=\"https:\/\/lasallecadiz.es\/vina\/wp-content\/uploads\/sites\/4\/2017\/01\/Medalla-150x150.jpg\" class=\"attachment-thumbnail size-thumbnail\" alt=\"\" srcset=\"https:\/\/lasallecadiz.es\/vina\/wp-content\/uploads\/sites\/4\/2017\/01\/Medalla-150x150.jpg 150w, https:\/\/lasallecadiz.es\/vina\/wp-content\/uploads\/sites\/4\/2017\/01\/Medalla-180x180.jpg 180w\" sizes=\"(max-width: 150px) 100vw, 150px\" \/><\/a>\n\t\t\t<\/div><\/figure>\n\t\t<\/div>\n\n","protected":false},"excerpt":{"rendered":"<p>Los Hermanos de La Salle en C\u00e1diz La fama educativa de la ense\u00f1anza ofrecida por los Hermanos de las Escuelas Cristianas, se hab\u00eda extendido por todo el pa\u00eds, desde que el 26 de febrero de 1878 llegasen a Madrid los Hermanos Jubinius, Ithamares de Jes\u00fas, Ivergile \u2013 Joseph y Gioachino de Mar\u00eda. A partir de &#8230; <a title=\"Nuestro colegio\" class=\"read-more\" href=\"https:\/\/lasallecadiz.es\/vina\/nuestro-colegio\/\" aria-label=\"Leer m\u00e1s sobre Nuestro colegio\">Leer m\u00e1s<\/a><\/p>\n","protected":false},"author":123482,"featured_media":0,"parent":0,"menu_order":0,"comment_status":"closed","ping_status":"closed","template":"","meta":{"_eb_attr":"","footnotes":""},"class_list":["post-241","page","type-page","status-publish"],"_links":{"self":[{"href":"https:\/\/lasallecadiz.es\/vina\/wp-json\/wp\/v2\/pages\/241","targetHints":{"allow":["GET"]}}],"collection":[{"href":"https:\/\/lasallecadiz.es\/vina\/wp-json\/wp\/v2\/pages"}],"about":[{"href":"https:\/\/lasallecadiz.es\/vina\/wp-json\/wp\/v2\/types\/page"}],"author":[{"embeddable":true,"href":"https:\/\/lasallecadiz.es\/vina\/wp-json\/wp\/v2\/users\/123482"}],"replies":[{"embeddable":true,"href":"https:\/\/lasallecadiz.es\/vina\/wp-json\/wp\/v2\/comments?post=241"}],"version-history":[{"count":6,"href":"https:\/\/lasallecadiz.es\/vina\/wp-json\/wp\/v2\/pages\/241\/revisions"}],"predecessor-version":[{"id":16335,"href":"https:\/\/lasallecadiz.es\/vina\/wp-json\/wp\/v2\/pages\/241\/revisions\/16335"}],"wp:attachment":[{"href":"https:\/\/lasallecadiz.es\/vina\/wp-json\/wp\/v2\/media?parent=241"}],"curies":[{"name":"wp","href":"https:\/\/api.w.org\/{rel}","templated":true}]}}