{"id":264,"date":"2017-01-30T18:26:53","date_gmt":"2017-01-30T18:26:53","guid":{"rendered":"https:\/\/lasallecadiz.es\/prueba1\/?page_id=264"},"modified":"2026-01-22T08:34:32","modified_gmt":"2026-01-22T08:34:32","slug":"f-p-b-servicios-administrativos","status":"publish","type":"page","link":"https:\/\/lasallecadiz.es\/vina\/f-p-b-servicios-administrativos\/","title":{"rendered":"C.F.G.B. Servicios Administrativos"},"content":{"rendered":"<p style=\"text-align: center\"><img fetchpriority=\"high\" decoding=\"async\" class=\"alignnone  wp-image-8982\" src=\"https:\/\/lasallecadiz.es\/prueba1\/wp-content\/uploads\/sites\/4\/2022\/01\/portada-fpb-300x88.png\" alt=\"\" width=\"951\" height=\"279\" srcset=\"https:\/\/lasallecadiz.es\/vina\/wp-content\/uploads\/sites\/4\/2022\/01\/portada-fpb-300x88.png 300w, https:\/\/lasallecadiz.es\/vina\/wp-content\/uploads\/sites\/4\/2022\/01\/portada-fpb.png 734w\" sizes=\"(max-width: 951px) 100vw, 951px\" \/><\/p>\n<figure class=\"wp-block-table is-style-stripes\">\n<table>\n<tbody>\n<tr>\n<td>Etapa<\/td>\n<td>Ciclo Formativo Grado B\u00e1sico<\/td>\n<\/tr>\n<tr>\n<td>Familia<\/td>\n<td>Administraci\u00f3n y Gesti\u00f3n<\/td>\n<\/tr>\n<tr>\n<td>T\u00edtulo<\/td>\n<td>Servicios Administrativos<\/td>\n<\/tr>\n<tr>\n<td>Cursos<\/td>\n<td>2<\/td>\n<\/tr>\n<tr>\n<td>Horas<\/td>\n<td>Horas: 1740 Lectivas \/400 Empresa<\/td>\n<\/tr>\n<tr>\n<td>Modalidad<\/td>\n<td>Presencial DUAL (Pr\u00e1cticas en empresas desde el primer a\u00f1o)<\/td>\n<\/tr>\n<\/tbody>\n<\/table>\n<\/figure>\n<p><span style=\"color: revert;font-size: 24px\">Organizaci\u00f3n del ciclo<\/span><\/p>\n<figure class=\"wp-block-table is-style-stripes\">\n<table>\n<tbody>\n<tr>\n<td class=\"has-text-align-center\" data-align=\"center\"><strong>M\u00f3du\u00adlos de primero<\/strong><\/td>\n<td class=\"has-text-align-center\" data-align=\"center\"><strong>M\u00f3du\u00adlos de segundo<\/strong><\/td>\n<\/tr>\n<tr>\n<td class=\"has-text-align-center\" data-align=\"center\">Atenci\u00f3n al cliente<\/td>\n<td class=\"has-text-align-center\" data-align=\"center\">Aplicaciones b\u00e1sicas de ofim\u00e1tica<\/td>\n<\/tr>\n<tr>\n<td class=\"has-text-align-center\" data-align=\"center\">Ciencias aplicadas I<\/td>\n<td class=\"has-text-align-center\" data-align=\"center\">Archivo y comunicaci\u00f3n<\/td>\n<\/tr>\n<tr>\n<td class=\"has-text-align-center\" data-align=\"center\">Comunicaci\u00f3n y sociedad I<\/td>\n<td class=\"has-text-align-center\" data-align=\"center\">Ciencias aplicadas II<\/td>\n<\/tr>\n<tr>\n<td class=\"has-text-align-center\" data-align=\"center\">Tratamiento inform\u00e1tico de datos<\/td>\n<td class=\"has-text-align-center\" data-align=\"center\">Comunicaci\u00f3n y sociedad II<\/td>\n<\/tr>\n<tr>\n<td class=\"has-text-align-center\" data-align=\"center\">Tutor\u00eda<\/td>\n<td class=\"has-text-align-center\" data-align=\"center\">Pr\u00e1cticas en empresas<\/td>\n<\/tr>\n<tr>\n<td class=\"has-text-align-center\" data-align=\"center\">T\u00e9cnicas administrativas b\u00e1sicas<\/td>\n<td class=\"has-text-align-center\" data-align=\"center\">Preparaci\u00f3n de pedidos y venta de productos<\/td>\n<\/tr>\n<tr>\n<td class=\"has-text-align-center\" data-align=\"center\">Itinerario personal para la empleabilidad<\/td>\n<td class=\"has-text-align-center\" data-align=\"center\">Tutor\u00eda<\/td>\n<\/tr>\n<tr>\n<td class=\"has-text-align-center\" data-align=\"center\">Pr\u00e1cticas en Empresas<\/td>\n<td class=\"has-text-align-center\" data-align=\"center\">Proyecto interdisciplinar<\/td>\n<\/tr>\n<\/tbody>\n<\/table>\n<\/figure>\n\n\n<div class=\"wp-block-essential-blocks-advanced-tabs alignwide  root-eb-advanced-tabs-fj3yi\"><div class=\"eb-parent-wrapper eb-parent-eb-advanced-tabs-fj3yi \"><div class=\"eb-advanced-tabs-fj3yi eb-advanced-tabs-wrapper horizontal\" data-min-height=\"true\"><div class=\"eb-tabs-nav\"><ul class=\"tabTitles\" data-tabs-ul-id=\"eb-advanced-tabs-fj3yi\"><li data-title-tab-id=\"1\" data-title-custom-id=\"\" class=\"active\"><i class=\"fas fa-home tabIcon\"><\/i><h6 class=\"tab-title-text\">Descripci\u00f3n<\/h6><\/li><li data-title-tab-id=\"2\" data-title-custom-id=\"\" class=\"inactive\"><i class=\"fas fa-home tabIcon\"><\/i><h6 class=\"tab-title-text\">Salidas profesionales<\/h6><\/li><li data-title-tab-id=\"3\" data-title-custom-id=\"\" class=\"inactive\"><i class=\"fas fa-home tabIcon\"><\/i><h6 class=\"tab-title-text\">Ocupaciones y puestos de trabajo m\u00e1s relevantes<\/h6><\/li><\/ul><\/div><div class=\"eb-tabs-contents\">\n<div class=\"eb-tab-wrapper\" data-tab-id=\"1\" data-tab-parent-id=\"eb-advanced-tabs-fj3yi\"><div class=\"eb-tab-inner\">\n<p>La competencia general del t\u00edtulo consiste en realizar tareas administrativas y de gesti\u00f3n b\u00e1sicas, con autonom\u00eda, responsabilidad e iniciativa personal, operando con la calidad indicada, observando las normas de aplicaci\u00f3n vigente medioambientales y de seguridad e higiene en el trabajo y comunic\u00e1ndose de forma oral y escrita en lengua castellana y, en su caso, en la lengua cooficial propia as\u00ed como en alguna lengua extranjera.<\/p>\n\n\n\n<p>Los aspectos generales de <strong>nuestra oferta educativa en Formaci\u00f3n Profesional B\u00e1sica de Servicios Administrativos&nbsp;<\/strong>son:<\/p>\n\n\n\n<p><img decoding=\"async\" src=\"https:\/\/lasallecadiz.es\/prueba1\/wp-content\/uploads\/sites\/4\/2017\/01\/icono-salle.png\" alt=\"\" width=\"18\" height=\"20\">&nbsp;Estructuramos la experiencia educativa a trav\u00e9s de las&nbsp;<strong>\u00e1reas curriculares<\/strong> seg\u00fan los requisitos establecidos en la vigente Ley Org\u00e1nica de Educaci\u00f3n y su concreci\u00f3n para el territorio andaluz.<\/p>\n\n\n\n<p><img decoding=\"async\" src=\"https:\/\/lasallecadiz.es\/prueba1\/wp-content\/uploads\/sites\/4\/2017\/01\/icono-salle.png\" alt=\"\" width=\"18\" height=\"20\">&nbsp;Complementamos el curr\u00edculo, contribuyendo a enriquecer la experiencia escolar, con una serie actividades y talleres complementarios, que se engloban dentro de nuestros proyectos:<\/p>\n\n\n\n<p><img decoding=\"async\" src=\"https:\/\/lasallecadiz.es\/prueba1\/wp-content\/uploads\/sites\/4\/2017\/01\/icono-salle.png\" alt=\"\" width=\"18\" height=\"20\">&nbsp;El Proyecto HARA, que busca que sean competentes en la Interioridad.<\/p>\n\n\n\n<p><img decoding=\"async\" src=\"https:\/\/lasallecadiz.es\/prueba1\/wp-content\/uploads\/sites\/4\/2017\/01\/icono-salle.png\" alt=\"\" width=\"18\" height=\"20\">&nbsp;Actividades Complementarias significativas que lo acerquen a la realidad laboral.<\/p>\n\n\n\n<p><img decoding=\"async\" src=\"https:\/\/lasallecadiz.es\/prueba1\/wp-content\/uploads\/sites\/4\/2017\/01\/icono-salle.png\" alt=\"\" width=\"18\" height=\"20\">&nbsp;Talleres educativos con Cruz Roja.<\/p>\n\n\n\n<p><img decoding=\"async\" src=\"https:\/\/lasallecadiz.es\/prueba1\/wp-content\/uploads\/sites\/4\/2017\/01\/icono-salle.png\" alt=\"\" width=\"18\" height=\"20\">&nbsp;Desarrollo del Programa FORMA JOVEN<\/p>\n\n\n\n<p><img decoding=\"async\" src=\"https:\/\/lasallecadiz.es\/prueba1\/wp-content\/uploads\/sites\/4\/2017\/01\/icono-salle.png\" alt=\"\" width=\"18\" height=\"20\">&nbsp;Apuesta por un proyecto que busca potenciar el desarrollo de las competencias b\u00e1sicas, destrezas e inteligencias m\u00faltiples del alumnado, al mismo tiempo que favorece la autonom\u00eda, la cooperaci\u00f3n y solidaridad entre iguales.<\/p>\n\n\n\n<p><img decoding=\"async\" src=\"https:\/\/lasallecadiz.es\/prueba1\/wp-content\/uploads\/sites\/4\/2017\/01\/icono-salle.png\" alt=\"\" width=\"18\" height=\"20\">&nbsp;Destacamos principalmente el seguimiento y la atenci\u00f3n personalizada al alumno, atendiendo a su diversidad, tanto desde la acci\u00f3n tutorial como desde el Departamento de Orientaci\u00f3n.<\/p>\n\n\n\n<p><img decoding=\"async\" src=\"https:\/\/lasallecadiz.es\/prueba1\/wp-content\/uploads\/sites\/4\/2017\/01\/icono-salle.png\" alt=\"\" width=\"18\" height=\"20\"> Garantizamos un contacto con el mundo laboral a trav\u00e9s de pr\u00e1cticas en organismos oficiales y empresas destacables de nuestra ciudad, las cuales aportan a nuestro alumnado de FPB una amplia formaci\u00f3n pr\u00e1ctica y de calidad<\/p>\n<\/div><\/div>\n\n\n\n<div class=\"eb-tab-wrapper\" data-tab-id=\"2\" data-tab-parent-id=\"eb-advanced-tabs-fj3yi\"><div class=\"eb-tab-inner\">\n<p>Con la especialidad de formaci\u00f3n profesional b\u00e1sica de servicios administrativos podr\u00e1s desarrollar profesionalmente tu actividad por cuenta ajena en centros, oficinas, despachos y departamentos administrativos o comerciales de cualquier tipo de empresa o entidad de car\u00e1cter privado o p\u00fablico, en todos los sectores productivos y adem\u00e1s podr\u00e1s\u2026..<\/p>\n\n\n\n<div class=\"wp-block-columns is-layout-flex wp-container-core-columns-is-layout-9d6595d7 wp-block-columns-is-layout-flex\">\n<div class=\"wp-block-column is-layout-flow wp-block-column-is-layout-flow\" style=\"flex-basis:100%\">\n<ul class=\"wp-block-list\">\n<li>Preparar equipos y aplicaciones inform\u00e1ticas para llevar a cabo la grabaci\u00f3n, tratamiento e impresi\u00f3n de datos y textos, asegurando su funcionamiento.<\/li>\n\n\n\n<li>Elaborar documentos, utilizando el lenguaje cient\u00edfico y los recursos gr\u00e1ficos y expositivos en funci\u00f3n de los contextos de aplicaci\u00f3n, asegurando su confidencialidad, y utilizando aplicaciones inform\u00e1ticas.<\/li>\n\n\n\n<li>Realizar tareas b\u00e1sicas de almacenamiento y archivo de informaci\u00f3n y documentaci\u00f3n, tanto en soporte digital como convencional, de acuerdo con los protocolos establecidos.<\/li>\n\n\n\n<li>Realizar labores de reprograf\u00eda y encuadernado b\u00e1sico de documentos de acuerdo a los criterios de calidad establecidos.<\/li>\n\n\n\n<li>Tramitar correspondencia y paqueter\u00eda, interna o externa, utilizando los medios y criterios establecidos.<\/li>\n\n\n\n<li>Realizar operaciones b\u00e1sicas de tesorer\u00eda, utilizando los documentos adecuados en cada caso.<\/li>\n\n\n\n<li>Realizar las tareas b\u00e1sicas de mantenimiento del almac\u00e9n de material de oficina, preparando los pedidos que aseguren un nivel de existencias m\u00ednimo.<\/li>\n\n\n\n<li>Atender al cliente, utilizando las normas de cortes\u00eda y demostrando inter\u00e9s y preocupaci\u00f3n por resolver satisfactoriamente sus necesidades.<\/li>\n\n\n\n<li>Aplicar los procedimientos de seguridad establecidos en el desarrollo de sus actividades profesionales evitando da\u00f1os en las personas e instalaciones.<\/li>\n\n\n\n<li>Realizar las tareas de su responsabilidad tanto individualmente como en equipo, con autonom\u00eda e iniciativa, adapt\u00e1ndose a las situaciones producidas por cambios tecnol\u00f3gicos u organizativos.<\/li>\n\n\n\n<li>Adquirir h\u00e1bitos de responsabilidad y autonom\u00eda basados en la pr\u00e1ctica de valores, favoreciendo las relaciones interpersonales y profesionales, trabajando en equipo y generando un ambiente favorable de convivencia que permita integrarse en los distintos \u00e1mbitos de la sociedad.<\/li>\n\n\n\n<li>Desarrollar h\u00e1bitos y valores acordes con la conservaci\u00f3n y sostenibilidad del patrimonio natural, analizando la interacci\u00f3n entre las sociedades humanas y el medio natural y valorando las consecuencias que se derivan de la acci\u00f3n humana sobre el medio.<\/li>\n\n\n\n<li>Valorar las diferentes manifestaciones art\u00edsticas y culturales de forma fundamentada utiliz\u00e1ndolas como fuente de enriquecimiento personal y social y desarrollando actitudes est\u00e9ticas y sensibles hacia la diversidad cultural y el patrimonio art\u00edstico.<\/li>\n\n\n\n<li>Comunicarse en diferentes situaciones laborales o sociales utilizando recursos ling\u00fc\u00edsticos con precisi\u00f3n y claridad, teniendo en cuenta el contexto y utilizando formas orales y escritas b\u00e1sicas tanto de la propia lengua como de alguna lengua extranjera.<\/li>\n\n\n\n<li>Resolver problemas predecibles relacionados con su entorno social y productivo utilizando los elementos proporcionados por las ciencias aplicadas y sociales y respetando la diversidad de opiniones como fuente de enriquecimiento en la toma de decisiones.<\/li>\n\n\n\n<li>Ejercer de manera activa y responsable los derechos y deberes derivados tanto de su actividad profesional como de su condici\u00f3n de ciudadanos.<\/li>\n<\/ul>\n<\/div>\n<\/div>\n<\/div><\/div>\n\n\n\n<div class=\"eb-tab-wrapper\" data-tab-id=\"3\" data-tab-parent-id=\"eb-advanced-tabs-fj3yi\"><div class=\"eb-tab-inner\">\n<div class=\"wp-block-columns is-layout-flex wp-container-core-columns-is-layout-9d6595d7 wp-block-columns-is-layout-flex\">\n<div class=\"wp-block-column is-layout-flow wp-block-column-is-layout-flow\" style=\"flex-basis:100%\">\n<ul class=\"wp-block-list\">\n<li>Auxiliar de oficina<\/li>\n\n\n\n<li>Auxiliar de servicios generales,<\/li>\n\n\n\n<li>Auxiliar de archivo,<\/li>\n\n\n\n<li>Ordenanza<\/li>\n\n\n\n<li>&nbsp;Auxiliar de informaci\u00f3n,<\/li>\n\n\n\n<li>&nbsp;Telefonista en servicios centrales de informaci\u00f3n,<\/li>\n\n\n\n<li>&nbsp;Clasificador y\/o repartidor de correspondencia,<\/li>\n\n\n\n<li>&nbsp;Auxiliar de digitalizaci\u00f3n,<\/li>\n\n\n\n<li>&nbsp;Operador documental,<\/li>\n\n\n\n<li>&nbsp;Auxiliar de venta,<\/li>\n\n\n\n<li>&nbsp;Auxiliar de dependiente de comercio,<\/li>\n\n\n\n<li>&nbsp;Operador de cobro o cajero.<\/li>\n<\/ul>\n<\/div>\n<\/div>\n<\/div><\/div>\n<\/div><\/div><\/div><\/div>\n\n\n\n<p><strong>Si est\u00e1s interesado en formar parte de nuestra familia y estudiar un C.F.G.B (Servicios administrativos), no dudes en coger cita en secretaria para tu informaci\u00f3n<\/strong><\/p>\n\n\n\n<div class=\"wp-block-essential-blocks-button  root-eb-button-u5ff9\"><div class=\"eb-parent-wrapper eb-parent-eb-button-u5ff9 \"><div class=\"eb-button-wrapper eb-button-alignment eb-button-u5ff9\"><div class=\"eb-button\"><div class=\"eb-button-inner-wrapper \"><a class=\"eb-button-anchor \" href=\"https:\/\/calendly.com\/secretaria-vina\/secretaria-la-salle-vina?back=1&amp;month=2025-04\" rel=\"noopener\">Cita previa para informaci\u00f3n<\/a><\/div><\/div><\/div><\/div><\/div>\n\n\n\n<p><\/p>\n","protected":false},"excerpt":{"rendered":"<p>Etapa Ciclo Formativo Grado B\u00e1sico Familia Administraci\u00f3n y Gesti\u00f3n T\u00edtulo Servicios Administrativos Cursos 2 Horas Horas: 1740 Lectivas \/400 Empresa Modalidad Presencial DUAL (Pr\u00e1cticas en empresas desde el primer a\u00f1o) Organizaci\u00f3n del ciclo M\u00f3du\u00adlos de primero M\u00f3du\u00adlos de segundo Atenci\u00f3n al cliente Aplicaciones b\u00e1sicas de ofim\u00e1tica Ciencias aplicadas I Archivo y comunicaci\u00f3n Comunicaci\u00f3n y sociedad &#8230; <a title=\"C.F.G.B. Servicios Administrativos\" class=\"read-more\" href=\"https:\/\/lasallecadiz.es\/vina\/f-p-b-servicios-administrativos\/\" aria-label=\"Leer m\u00e1s sobre C.F.G.B. Servicios Administrativos\">Leer m\u00e1s<\/a><\/p>\n","protected":false},"author":123482,"featured_media":0,"parent":0,"menu_order":0,"comment_status":"closed","ping_status":"closed","template":"","meta":{"_eb_attr":"","footnotes":""},"class_list":["post-264","page","type-page","status-publish"],"_links":{"self":[{"href":"https:\/\/lasallecadiz.es\/vina\/wp-json\/wp\/v2\/pages\/264","targetHints":{"allow":["GET"]}}],"collection":[{"href":"https:\/\/lasallecadiz.es\/vina\/wp-json\/wp\/v2\/pages"}],"about":[{"href":"https:\/\/lasallecadiz.es\/vina\/wp-json\/wp\/v2\/types\/page"}],"author":[{"embeddable":true,"href":"https:\/\/lasallecadiz.es\/vina\/wp-json\/wp\/v2\/users\/123482"}],"replies":[{"embeddable":true,"href":"https:\/\/lasallecadiz.es\/vina\/wp-json\/wp\/v2\/comments?post=264"}],"version-history":[{"count":9,"href":"https:\/\/lasallecadiz.es\/vina\/wp-json\/wp\/v2\/pages\/264\/revisions"}],"predecessor-version":[{"id":16728,"href":"https:\/\/lasallecadiz.es\/vina\/wp-json\/wp\/v2\/pages\/264\/revisions\/16728"}],"wp:attachment":[{"href":"https:\/\/lasallecadiz.es\/vina\/wp-json\/wp\/v2\/media?parent=264"}],"curies":[{"name":"wp","href":"https:\/\/api.w.org\/{rel}","templated":true}]}}